{"id":39201,"date":"2026-03-10T01:28:13","date_gmt":"2026-03-10T01:28:13","guid":{"rendered":"https:\/\/montanomiranda.com\/?page_id=39201"},"modified":"2026-03-10T19:12:26","modified_gmt":"2026-03-10T19:12:26","slug":"18-aniversario","status":"publish","type":"page","link":"https:\/\/montanomiranda.com\/en\/18-aniversario\/","title":{"rendered":"18 Aniversario"},"content":{"rendered":"<div data-elementor-type=\"wp-page\" data-elementor-id=\"39201\" class=\"elementor elementor-39201\" data-elementor-post-type=\"page\">\n\t\t\t\t<div class=\"elementor-element elementor-element-07b170f e-con-full lte-background-black e-flex e-con e-parent\" data-id=\"07b170f\" data-element_type=\"container\" data-e-type=\"container\">\n\t\t\t\t<div class=\"elementor-element elementor-element-c248b7e lte-heading-align-center lte-heading-style-default elementor-widget elementor-widget-lte-header\" data-id=\"c248b7e\" data-element_type=\"widget\" data-e-type=\"widget\" data-widget_type=\"lte-header.default\">\n\t\t\t\t<div class=\"elementor-widget-container\">\n\t\t\t\t\t<div class=\"lte-heading lte-size-lg lte-style-default lte-uppercase lte-color-second lte-subcolor-white heading-tag-h1 heading-subtag-h6\"><div class=\"lte-heading-content\"><h1 class=\"lte-header\">18 Aniversario<\/h1><\/div><\/div>\t\t\t\t<\/div>\n\t\t\t\t<\/div>\n\t\t\t\t<div class=\"elementor-element elementor-element-86e51cb elementor-widget elementor-widget-heading\" data-id=\"86e51cb\" data-element_type=\"widget\" data-e-type=\"widget\" data-widget_type=\"heading.default\">\n\t\t\t\t<div class=\"elementor-widget-container\">\n\t\t\t\t\t<h2 class=\"elementor-heading-title elementor-size-default\"><b>Montano Miranda<\/b> cumple 18 a\u00f1os: <br>Liderazgo y compromiso al servicio de los inmigrantes<\/h2>\t\t\t\t<\/div>\n\t\t\t\t<\/div>\n\t\t\t\t<div class=\"elementor-element elementor-element-db58184 elementor-widget elementor-widget-heading\" data-id=\"db58184\" data-element_type=\"widget\" data-e-type=\"widget\" data-widget_type=\"heading.default\">\n\t\t\t\t<div class=\"elementor-widget-container\">\n\t\t\t\t\t<h2 class=\"elementor-heading-title elementor-size-default\">\n<\/h2>\t\t\t\t<\/div>\n\t\t\t\t<\/div>\n\t\t\t\t<div class=\"elementor-element elementor-element-47f02cd lte-pos-center-center elementor-widget elementor-widget-lte-effects\" data-id=\"47f02cd\" data-element_type=\"widget\" data-e-type=\"widget\" data-widget_type=\"lte-effects.default\">\n\t\t\t\t<div class=\"elementor-widget-container\">\n\t\t\t\t\t<div class=\"lte-spinning-atoms-sc lte-pos-center-center lte-opacity-2\"><div class=\"lte-spinning-atom lte-spinning-atom-1\"><\/div><div class=\"lte-spinning-atom lte-spinning-atom-2\"><\/div><div class=\"lte-spinning-atom lte-spinning-atom-3\"><\/div><\/div>\t\t\t\t<\/div>\n\t\t\t\t<\/div>\n\t\t\t\t<\/div>\n\t\t<div class=\"elementor-element elementor-element-cc85f57 e-flex e-con-boxed e-con e-parent\" data-id=\"cc85f57\" data-element_type=\"container\" data-e-type=\"container\">\n\t\t\t\t\t<div class=\"e-con-inner\">\n\t\t<div class=\"elementor-element elementor-element-170f6d0 e-con-full e-flex e-con e-child\" data-id=\"170f6d0\" data-element_type=\"container\" data-e-type=\"container\">\n\t\t\t\t<div class=\"elementor-element elementor-element-61ad86e lte-animation-speed-slow elementor-widget elementor-widget-image\" data-id=\"61ad86e\" data-element_type=\"widget\" data-e-type=\"widget\" data-widget_type=\"image.default\">\n\t\t\t\t<div class=\"elementor-widget-container\">\n\t\t\t\t\t\t\t\t\t\t\t\t\t\t\t<img fetchpriority=\"high\" decoding=\"async\" width=\"1024\" height=\"679\" src=\"https:\/\/montanomiranda.com\/wp-content\/uploads\/2026\/03\/Montano-foto-1024x679.jpg\" class=\"attachment-large size-large wp-image-39244\" alt=\"\" srcset=\"https:\/\/montanomiranda.com\/wp-content\/uploads\/2026\/03\/Montano-foto-1024x679.jpg 1024w, https:\/\/montanomiranda.com\/wp-content\/uploads\/2026\/03\/Montano-foto-300x199.jpg 300w, https:\/\/montanomiranda.com\/wp-content\/uploads\/2026\/03\/Montano-foto-768x509.jpg 768w, https:\/\/montanomiranda.com\/wp-content\/uploads\/2026\/03\/Montano-foto-18x12.jpg 18w, https:\/\/montanomiranda.com\/wp-content\/uploads\/2026\/03\/Montano-foto-100x66.jpg 100w, https:\/\/montanomiranda.com\/wp-content\/uploads\/2026\/03\/Montano-foto-755x500.jpg 755w, https:\/\/montanomiranda.com\/wp-content\/uploads\/2026\/03\/Montano-foto.jpg 1156w\" sizes=\"(max-width: 1024px) 100vw, 1024px\" \/>\t\t\t\t\t\t\t\t\t\t\t\t\t\t\t<\/div>\n\t\t\t\t<\/div>\n\t\t\t\t<\/div>\n\t\t\t\t\t<\/div>\n\t\t\t\t<\/div>\n\t\t<div class=\"elementor-element elementor-element-8128b56 e-flex e-con-boxed e-con e-parent\" data-id=\"8128b56\" data-element_type=\"container\" data-e-type=\"container\" data-settings=\"{&quot;background_background&quot;:&quot;classic&quot;}\">\n\t\t\t\t\t<div class=\"e-con-inner\">\n\t\t<div class=\"elementor-element elementor-element-264ccde e-flex e-con-boxed e-con e-child\" data-id=\"264ccde\" data-element_type=\"container\" data-e-type=\"container\">\n\t\t\t\t\t<div class=\"e-con-inner\">\n\t\t\t\t<div class=\"elementor-element elementor-element-0576b8c elementor-widget__width-initial elementor-widget-laptop__width-initial elementor-widget elementor-widget-text-editor\" data-id=\"0576b8c\" data-element_type=\"widget\" data-e-type=\"widget\" data-widget_type=\"text-editor.default\">\n\t\t\t\t<div class=\"elementor-widget-container\">\n\t\t\t\t\t\t\t\t\t<p>En 2026,\u00a0<strong>Montano Miranda Law Office<\/strong>\u00a0celebra con orgullo 18 a\u00f1os de trayectoria dedicados a brindar asesor\u00eda y representaci\u00f3n legal en materia de inmigraci\u00f3n en Estados Unidos.<\/p>\t\t\t\t\t\t\t\t<\/div>\n\t\t\t\t<\/div>\n\t\t\t\t<div class=\"elementor-element elementor-element-49948e1 elementor-widget elementor-widget-text-editor\" data-id=\"49948e1\" data-element_type=\"widget\" data-e-type=\"widget\" data-widget_type=\"text-editor.default\">\n\t\t\t\t<div class=\"elementor-widget-container\">\n\t\t\t\t\t\t\t\t\t<p>A lo largo de estos a\u00f1os, la firma ha atendido m\u00e1s de 10.000 casos migratorios, acompa\u00f1ando a familias, profesionales, emprendedores y trabajadores en procesos clave para su futuro en Estados Unidos. Cada caso ha sido una historia de esfuerzo, esperanza y determinaci\u00f3n. El crecimiento de Montano Miranda ha sido posible gracias a la confianza de sus clientes, quienes en muchos casos llegan a la firma por recomendaci\u00f3n, reflejo directo de los resultados obtenidos y del trato cercano que caracteriza a su equipo.<\/p><p>Durante estas casi dos d\u00e9cadas, Montano Miranda Law Office ha consolidado sus servicios para ofrecer soluciones integrales en diferentes \u00e1reas del derecho migratorio, incluyendo procesos de asilo, peticiones familiares, visas de inversi\u00f3n y empleo, defensa migratoria y ajustes de estatus, entre otros.\u00a0<\/p><p>El equipo de la firma contin\u00faa trabajando con una visi\u00f3n clara: brindar orientaci\u00f3n legal s\u00f3lida, estrategias bien fundamentadas y acompa\u00f1amiento humano a quienes buscan construir un nuevo futuro en Estados Unidos. Celebrar 18 a\u00f1os es tambi\u00e9n reafirmar el compromiso de seguir ayudando a miles de personas a avanzar con seguridad en su camino migratorio.<\/p>\t\t\t\t\t\t\t\t<\/div>\n\t\t\t\t<\/div>\n\t\t\t\t\t<\/div>\n\t\t\t\t<\/div>\n\t\t\t\t\t<\/div>\n\t\t\t\t<\/div>\n\t\t<div class=\"elementor-element elementor-element-5492369 e-flex e-con-boxed e-con e-parent\" data-id=\"5492369\" data-element_type=\"container\" data-e-type=\"container\">\n\t\t\t\t\t<div class=\"e-con-inner\">\n\t\t\t\t<div class=\"elementor-element elementor-element-ee5e7db elementor-widget-divider--view-line elementor-widget elementor-widget-divider\" data-id=\"ee5e7db\" data-element_type=\"widget\" data-e-type=\"widget\" data-widget_type=\"divider.default\">\n\t\t\t\t<div class=\"elementor-widget-container\">\n\t\t\t\t\t\t\t<div class=\"elementor-divider\">\n\t\t\t<span class=\"elementor-divider-separator\">\n\t\t\t\t\t\t<\/span>\n\t\t<\/div>\n\t\t\t\t\t\t<\/div>\n\t\t\t\t<\/div>\n\t\t\t\t<div class=\"elementor-element elementor-element-7d4e304 elementor-widget__width-initial elementor-widget-laptop__width-initial elementor-widget elementor-widget-text-editor\" data-id=\"7d4e304\" data-element_type=\"widget\" data-e-type=\"widget\" data-widget_type=\"text-editor.default\">\n\t\t\t\t<div class=\"elementor-widget-container\">\n\t\t\t\t\t\t\t\t\t<div><strong>En el marco de este aniversario<\/strong>, presentamos una entrevista especial con el <strong>abogado de inmigraci\u00f3n Javier Montano Miranda<\/strong>, quien habla sobre la evoluci\u00f3n de la firma, los desaf\u00edos enfrentados y los logros alcanzados durante <strong>18 a\u00f1os de trabajo<\/strong> acompa\u00f1ando a la <strong>comunidad inmigrante en Estados Unidos.<\/strong>\u00a0<\/div>\t\t\t\t\t\t\t\t<\/div>\n\t\t\t\t<\/div>\n\t\t\t\t\t<\/div>\n\t\t\t\t<\/div>\n\t\t<div class=\"elementor-element elementor-element-a111373 e-flex e-con-boxed e-con e-parent\" data-id=\"a111373\" data-element_type=\"container\" data-e-type=\"container\">\n\t\t\t\t\t<div class=\"e-con-inner\">\n\t\t\t\t<div class=\"elementor-element elementor-element-979f062 elementor-widget elementor-widget-video\" data-id=\"979f062\" data-element_type=\"widget\" data-e-type=\"widget\" data-settings=\"{&quot;youtube_url&quot;:&quot;https:\\\/\\\/www.youtube.com\\\/watch?v=Gmn-U4mE-t8&amp;t=2s&quot;,&quot;loop&quot;:&quot;yes&quot;,&quot;video_type&quot;:&quot;youtube&quot;,&quot;controls&quot;:&quot;yes&quot;}\" data-widget_type=\"video.default\">\n\t\t\t\t<div class=\"elementor-widget-container\">\n\t\t\t\t\t\t\t<div class=\"elementor-wrapper elementor-open-inline\">\n\t\t\t<div class=\"elementor-video\"><\/div>\t\t<\/div>\n\t\t\t\t\t\t<\/div>\n\t\t\t\t<\/div>\n\t\t\t\t\t<\/div>\n\t\t\t\t<\/div>\n\t\t<div class=\"elementor-element elementor-element-c224f82 e-flex e-con-boxed e-con e-parent\" data-id=\"c224f82\" data-element_type=\"container\" data-e-type=\"container\">\n\t\t\t\t\t<div class=\"e-con-inner\">\n\t\t\t\t<div class=\"elementor-element elementor-element-f8c0d5f elementor-widget-divider--view-line elementor-widget elementor-widget-divider\" data-id=\"f8c0d5f\" data-element_type=\"widget\" data-e-type=\"widget\" data-widget_type=\"divider.default\">\n\t\t\t\t<div class=\"elementor-widget-container\">\n\t\t\t\t\t\t\t<div class=\"elementor-divider\">\n\t\t\t<span class=\"elementor-divider-separator\">\n\t\t\t\t\t\t<\/span>\n\t\t<\/div>\n\t\t\t\t\t\t<\/div>\n\t\t\t\t<\/div>\n\t\t\t\t\t<\/div>\n\t\t\t\t<\/div>\n\t\t<div class=\"elementor-element elementor-element-a1ce0ef lte-background-black e-con-full e-flex e-con e-parent\" data-id=\"a1ce0ef\" data-element_type=\"container\" data-e-type=\"container\" data-settings=\"{&quot;background_background&quot;:&quot;classic&quot;}\">\n\t\t<div class=\"elementor-element elementor-element-c1b8cda e-con-full e-flex e-con e-child\" data-id=\"c1b8cda\" data-element_type=\"container\" data-e-type=\"container\">\n\t\t\t\t<div class=\"elementor-element elementor-element-a74686b elementor-widget__width-initial elementor-widget-laptop__width-initial elementor-widget elementor-widget-text-editor\" data-id=\"a74686b\" data-element_type=\"widget\" data-e-type=\"widget\" data-widget_type=\"text-editor.default\">\n\t\t\t\t<div class=\"elementor-widget-container\">\n\t\t\t\t\t\t\t\t\t<div><strong>Entrevista a Olga Gonz\u00e1lez<\/strong>, asistente legal de <strong>Montano Miranda Law.<\/strong><\/div>\t\t\t\t\t\t\t\t<\/div>\n\t\t\t\t<\/div>\n\t\t\t\t<\/div>\n\t\t<div class=\"elementor-element elementor-element-81fb6fb e-con-full e-flex e-con e-child\" data-id=\"81fb6fb\" data-element_type=\"container\" data-e-type=\"container\">\n\t\t\t\t<div class=\"elementor-element elementor-element-11e344d elementor-widget elementor-widget-video\" data-id=\"11e344d\" data-element_type=\"widget\" data-e-type=\"widget\" data-settings=\"{&quot;youtube_url&quot;:&quot;https:\\\/\\\/www.youtube.com\\\/watch?v=K9c9BljVMGk&quot;,&quot;loop&quot;:&quot;yes&quot;,&quot;video_type&quot;:&quot;youtube&quot;,&quot;controls&quot;:&quot;yes&quot;}\" data-widget_type=\"video.default\">\n\t\t\t\t<div class=\"elementor-widget-container\">\n\t\t\t\t\t\t\t<div class=\"elementor-wrapper elementor-open-inline\">\n\t\t\t<div class=\"elementor-video\"><\/div>\t\t<\/div>\n\t\t\t\t\t\t<\/div>\n\t\t\t\t<\/div>\n\t\t\t\t<\/div>\n\t\t\t\t<\/div>\n\t\t<div class=\"elementor-element elementor-element-ad1d8b7 e-flex e-con-boxed e-con e-parent\" data-id=\"ad1d8b7\" data-element_type=\"container\" data-e-type=\"container\">\n\t\t\t\t\t<div class=\"e-con-inner\">\n\t\t\t\t<div class=\"elementor-element elementor-element-9d966a6 elementor-widget-divider--view-line elementor-widget elementor-widget-divider\" data-id=\"9d966a6\" data-element_type=\"widget\" data-e-type=\"widget\" data-widget_type=\"divider.default\">\n\t\t\t\t<div class=\"elementor-widget-container\">\n\t\t\t\t\t\t\t<div class=\"elementor-divider\">\n\t\t\t<span class=\"elementor-divider-separator\">\n\t\t\t\t\t\t<\/span>\n\t\t<\/div>\n\t\t\t\t\t\t<\/div>\n\t\t\t\t<\/div>\n\t\t\t\t\t<\/div>\n\t\t\t\t<\/div>\n\t\t<div class=\"elementor-element elementor-element-23c3776 e-flex e-con-boxed e-con e-parent\" data-id=\"23c3776\" data-element_type=\"container\" data-e-type=\"container\">\n\t\t\t\t\t<div class=\"e-con-inner\">\n\t\t\t\t<div class=\"elementor-element elementor-element-12bf393 elementor-widget elementor-widget-spacer\" data-id=\"12bf393\" data-element_type=\"widget\" data-e-type=\"widget\" data-widget_type=\"spacer.default\">\n\t\t\t\t<div class=\"elementor-widget-container\">\n\t\t\t\t\t\t\t<div class=\"elementor-spacer\">\n\t\t\t<div class=\"elementor-spacer-inner\"><\/div>\n\t\t<\/div>\n\t\t\t\t\t\t<\/div>\n\t\t\t\t<\/div>\n\t\t\t\t\t<\/div>\n\t\t\t\t<\/div>\n\t\t\t\t<\/div>","protected":false},"excerpt":{"rendered":"<p>18 Aniversario Montano Miranda cumple 18 a\u00f1os: Liderazgo y compromiso al servicio de los inmigrantes En 2026,\u00a0Montano Miranda Law Office\u00a0celebra con orgullo 18 a\u00f1os de trayectoria dedicados a brindar asesor\u00eda [&hellip;]<\/p>\n","protected":false},"author":9,"featured_media":0,"parent":0,"menu_order":0,"comment_status":"closed","ping_status":"closed","template":"","meta":{"footnotes":""},"class_list":["post-39201","page","type-page","status-publish","hentry"],"yoast_head":"<!-- This site is optimized with the Yoast SEO plugin v27.4 - https:\/\/yoast.com\/product\/yoast-seo-wordpress\/ -->\n<title>18 Aniversario - Montano Miranda - Abogado de inmigrac\u00edon en Miami<\/title>\n<meta name=\"robots\" content=\"index, follow, max-snippet:-1, max-image-preview:large, max-video-preview:-1\" \/>\n<link rel=\"canonical\" href=\"https:\/\/montanomiranda.com\/en\/18-aniversario\/\" \/>\n<meta property=\"og:locale\" content=\"en_US\" \/>\n<meta property=\"og:type\" content=\"article\" \/>\n<meta property=\"og:title\" content=\"18 Aniversario - Montano Miranda - Abogado de inmigrac\u00edon en Miami\" \/>\n<meta property=\"og:description\" content=\"18 Aniversario Montano Miranda cumple 18 a\u00f1os: Liderazgo y compromiso al servicio de los inmigrantes En 2026,\u00a0Montano Miranda Law Office\u00a0celebra con orgullo 18 a\u00f1os de trayectoria dedicados a brindar asesor\u00eda [&hellip;]\" \/>\n<meta property=\"og:url\" content=\"https:\/\/montanomiranda.com\/en\/18-aniversario\/\" \/>\n<meta property=\"og:site_name\" content=\"Montano Miranda - Abogado de inmigrac\u00edon en Miami\" \/>\n<meta property=\"article:modified_time\" content=\"2026-03-10T19:12:26+00:00\" \/>\n<meta property=\"og:image\" content=\"https:\/\/montanomiranda.com\/wp-content\/uploads\/2026\/03\/Montano-foto-1024x679.jpg\" \/>\n\t<meta property=\"og:image:width\" content=\"1024\" \/>\n\t<meta property=\"og:image:height\" content=\"679\" \/>\n\t<meta property=\"og:image:type\" content=\"image\/jpeg\" \/>\n<meta name=\"twitter:card\" content=\"summary_large_image\" \/>\n<meta name=\"twitter:label1\" content=\"Est. reading time\" \/>\n\t<meta name=\"twitter:data1\" content=\"2 minutes\" \/>\n<script type=\"application\/ld+json\" class=\"yoast-schema-graph\">{\"@context\":\"https:\\\/\\\/schema.org\",\"@graph\":[{\"@type\":\"WebPage\",\"@id\":\"https:\\\/\\\/montanomiranda.com\\\/18-aniversario\\\/\",\"url\":\"https:\\\/\\\/montanomiranda.com\\\/18-aniversario\\\/\",\"name\":\"18 Aniversario - Montano Miranda - Abogado de inmigrac\u00edon en Miami\",\"isPartOf\":{\"@id\":\"https:\\\/\\\/montanomiranda.com\\\/es\\\/#website\"},\"primaryImageOfPage\":{\"@id\":\"https:\\\/\\\/montanomiranda.com\\\/18-aniversario\\\/#primaryimage\"},\"image\":{\"@id\":\"https:\\\/\\\/montanomiranda.com\\\/18-aniversario\\\/#primaryimage\"},\"thumbnailUrl\":\"https:\\\/\\\/montanomiranda.com\\\/wp-content\\\/uploads\\\/2026\\\/03\\\/Montano-foto-1024x679.jpg\",\"datePublished\":\"2026-03-10T01:28:13+00:00\",\"dateModified\":\"2026-03-10T19:12:26+00:00\",\"breadcrumb\":{\"@id\":\"https:\\\/\\\/montanomiranda.com\\\/18-aniversario\\\/#breadcrumb\"},\"inLanguage\":\"en-US\",\"potentialAction\":[{\"@type\":\"ReadAction\",\"target\":[\"https:\\\/\\\/montanomiranda.com\\\/18-aniversario\\\/\"]}]},{\"@type\":\"ImageObject\",\"inLanguage\":\"en-US\",\"@id\":\"https:\\\/\\\/montanomiranda.com\\\/18-aniversario\\\/#primaryimage\",\"url\":\"https:\\\/\\\/montanomiranda.com\\\/wp-content\\\/uploads\\\/2026\\\/03\\\/Montano-foto-1024x679.jpg\",\"contentUrl\":\"https:\\\/\\\/montanomiranda.com\\\/wp-content\\\/uploads\\\/2026\\\/03\\\/Montano-foto-1024x679.jpg\"},{\"@type\":\"BreadcrumbList\",\"@id\":\"https:\\\/\\\/montanomiranda.com\\\/18-aniversario\\\/#breadcrumb\",\"itemListElement\":[{\"@type\":\"ListItem\",\"position\":1,\"name\":\"Home\",\"item\":\"https:\\\/\\\/montanomiranda.com\\\/\"},{\"@type\":\"ListItem\",\"position\":2,\"name\":\"18 Aniversario\"}]},{\"@type\":\"WebSite\",\"@id\":\"https:\\\/\\\/montanomiranda.com\\\/es\\\/#website\",\"url\":\"https:\\\/\\\/montanomiranda.com\\\/es\\\/\",\"name\":\"Montano Miranda - Servicio de asosor\u00eda legal - Abogado de tr\u00e1mites migratorios EEUU\",\"description\":\"Montano Miranda - Servicio de asesor\u00eda legal - Abogado de tr\u00e1mites migratorios Miami\",\"publisher\":{\"@id\":\"https:\\\/\\\/montanomiranda.com\\\/es\\\/#organization\"},\"potentialAction\":[{\"@type\":\"SearchAction\",\"target\":{\"@type\":\"EntryPoint\",\"urlTemplate\":\"https:\\\/\\\/montanomiranda.com\\\/es\\\/?s={search_term_string}\"},\"query-input\":{\"@type\":\"PropertyValueSpecification\",\"valueRequired\":true,\"valueName\":\"search_term_string\"}}],\"inLanguage\":\"en-US\"},{\"@type\":\"Organization\",\"@id\":\"https:\\\/\\\/montanomiranda.com\\\/es\\\/#organization\",\"name\":\"Montano Miranda - Servicios de asesor\u00eda legal\",\"url\":\"https:\\\/\\\/montanomiranda.com\\\/es\\\/\",\"logo\":{\"@type\":\"ImageObject\",\"inLanguage\":\"en-US\",\"@id\":\"https:\\\/\\\/montanomiranda.com\\\/es\\\/#\\\/schema\\\/logo\\\/image\\\/\",\"url\":\"https:\\\/\\\/montanomiranda.com\\\/wp-content\\\/uploads\\\/2023\\\/07\\\/cropped-Untitled-design-12.png\",\"contentUrl\":\"https:\\\/\\\/montanomiranda.com\\\/wp-content\\\/uploads\\\/2023\\\/07\\\/cropped-Untitled-design-12.png\",\"width\":512,\"height\":512,\"caption\":\"Montano Miranda - Servicios de asesor\u00eda legal\"},\"image\":{\"@id\":\"https:\\\/\\\/montanomiranda.com\\\/es\\\/#\\\/schema\\\/logo\\\/image\\\/\"}}]}<\/script>\n<!-- \/ Yoast SEO plugin. -->","yoast_head_json":{"title":"18 Aniversario - Montano Miranda - Abogado de inmigrac\u00edon en Miami","robots":{"index":"index","follow":"follow","max-snippet":"max-snippet:-1","max-image-preview":"max-image-preview:large","max-video-preview":"max-video-preview:-1"},"canonical":"https:\/\/montanomiranda.com\/en\/18-aniversario\/","og_locale":"en_US","og_type":"article","og_title":"18 Aniversario - Montano Miranda - Abogado de inmigrac\u00edon en Miami","og_description":"18 Aniversario Montano Miranda cumple 18 a\u00f1os: Liderazgo y compromiso al servicio de los inmigrantes En 2026,\u00a0Montano Miranda Law Office\u00a0celebra con orgullo 18 a\u00f1os de trayectoria dedicados a brindar asesor\u00eda [&hellip;]","og_url":"https:\/\/montanomiranda.com\/en\/18-aniversario\/","og_site_name":"Montano Miranda - Abogado de inmigrac\u00edon en Miami","article_modified_time":"2026-03-10T19:12:26+00:00","og_image":[{"width":1024,"height":679,"url":"https:\/\/montanomiranda.com\/wp-content\/uploads\/2026\/03\/Montano-foto-1024x679.jpg","type":"image\/jpeg"}],"twitter_card":"summary_large_image","twitter_misc":{"Est. reading time":"2 minutes"},"schema":{"@context":"https:\/\/schema.org","@graph":[{"@type":"WebPage","@id":"https:\/\/montanomiranda.com\/18-aniversario\/","url":"https:\/\/montanomiranda.com\/18-aniversario\/","name":"18 Aniversario - Montano Miranda - Abogado de inmigrac\u00edon en Miami","isPartOf":{"@id":"https:\/\/montanomiranda.com\/es\/#website"},"primaryImageOfPage":{"@id":"https:\/\/montanomiranda.com\/18-aniversario\/#primaryimage"},"image":{"@id":"https:\/\/montanomiranda.com\/18-aniversario\/#primaryimage"},"thumbnailUrl":"https:\/\/montanomiranda.com\/wp-content\/uploads\/2026\/03\/Montano-foto-1024x679.jpg","datePublished":"2026-03-10T01:28:13+00:00","dateModified":"2026-03-10T19:12:26+00:00","breadcrumb":{"@id":"https:\/\/montanomiranda.com\/18-aniversario\/#breadcrumb"},"inLanguage":"en-US","potentialAction":[{"@type":"ReadAction","target":["https:\/\/montanomiranda.com\/18-aniversario\/"]}]},{"@type":"ImageObject","inLanguage":"en-US","@id":"https:\/\/montanomiranda.com\/18-aniversario\/#primaryimage","url":"https:\/\/montanomiranda.com\/wp-content\/uploads\/2026\/03\/Montano-foto-1024x679.jpg","contentUrl":"https:\/\/montanomiranda.com\/wp-content\/uploads\/2026\/03\/Montano-foto-1024x679.jpg"},{"@type":"BreadcrumbList","@id":"https:\/\/montanomiranda.com\/18-aniversario\/#breadcrumb","itemListElement":[{"@type":"ListItem","position":1,"name":"Home","item":"https:\/\/montanomiranda.com\/"},{"@type":"ListItem","position":2,"name":"18 Aniversario"}]},{"@type":"WebSite","@id":"https:\/\/montanomiranda.com\/es\/#website","url":"https:\/\/montanomiranda.com\/es\/","name":"Montano Miranda - Servicio de asosor\u00eda legal - Abogado de tr\u00e1mites migratorios EEUU","description":"Montano Miranda - Servicio de asesor\u00eda legal - Abogado de tr\u00e1mites migratorios Miami","publisher":{"@id":"https:\/\/montanomiranda.com\/es\/#organization"},"potentialAction":[{"@type":"SearchAction","target":{"@type":"EntryPoint","urlTemplate":"https:\/\/montanomiranda.com\/es\/?s={search_term_string}"},"query-input":{"@type":"PropertyValueSpecification","valueRequired":true,"valueName":"search_term_string"}}],"inLanguage":"en-US"},{"@type":"Organization","@id":"https:\/\/montanomiranda.com\/es\/#organization","name":"Montano Miranda - Servicios de asesor\u00eda legal","url":"https:\/\/montanomiranda.com\/es\/","logo":{"@type":"ImageObject","inLanguage":"en-US","@id":"https:\/\/montanomiranda.com\/es\/#\/schema\/logo\/image\/","url":"https:\/\/montanomiranda.com\/wp-content\/uploads\/2023\/07\/cropped-Untitled-design-12.png","contentUrl":"https:\/\/montanomiranda.com\/wp-content\/uploads\/2023\/07\/cropped-Untitled-design-12.png","width":512,"height":512,"caption":"Montano Miranda - Servicios de asesor\u00eda legal"},"image":{"@id":"https:\/\/montanomiranda.com\/es\/#\/schema\/logo\/image\/"}}]}},"_links":{"self":[{"href":"https:\/\/montanomiranda.com\/en\/wp-json\/wp\/v2\/pages\/39201","targetHints":{"allow":["GET"]}}],"collection":[{"href":"https:\/\/montanomiranda.com\/en\/wp-json\/wp\/v2\/pages"}],"about":[{"href":"https:\/\/montanomiranda.com\/en\/wp-json\/wp\/v2\/types\/page"}],"author":[{"embeddable":true,"href":"https:\/\/montanomiranda.com\/en\/wp-json\/wp\/v2\/users\/9"}],"replies":[{"embeddable":true,"href":"https:\/\/montanomiranda.com\/en\/wp-json\/wp\/v2\/comments?post=39201"}],"version-history":[{"count":5,"href":"https:\/\/montanomiranda.com\/en\/wp-json\/wp\/v2\/pages\/39201\/revisions"}],"predecessor-version":[{"id":39250,"href":"https:\/\/montanomiranda.com\/en\/wp-json\/wp\/v2\/pages\/39201\/revisions\/39250"}],"wp:attachment":[{"href":"https:\/\/montanomiranda.com\/en\/wp-json\/wp\/v2\/media?parent=39201"}],"curies":[{"name":"wp","href":"https:\/\/api.w.org\/{rel}","templated":true}]}}